{"id":171,"date":"2023-04-28T23:58:09","date_gmt":"2023-04-28T21:58:09","guid":{"rendered":"http:\/\/gravityescueladeespalda.es\/?page_id=171"},"modified":"2023-10-30T17:16:34","modified_gmt":"2023-10-30T15:16:34","slug":"terapias","status":"publish","type":"page","link":"http:\/\/gravityescueladeespalda.es\/index.php\/terapias\/","title":{"rendered":"Terapias"},"content":{"rendered":"\n<div class=\"wp-block-cover alignfull is-light has-parallax wp-duotone-rgb797979-rgb246246246-1\" style=\"min-height:100vh;aspect-ratio:unset;\"><span aria-hidden=\"true\" class=\"wp-block-cover__background has-light-green-cyan-background-color has-background-dim\"><\/span><div role=\"img\" class=\"wp-block-cover__image-background wp-image-150 has-parallax\" style=\"background-position:50% 50%;background-image:url(http:\/\/gravityescueladeespalda.es\/wp-content\/uploads\/2023\/04\/cris_pp02-edited-2.jpg)\"><\/div><div class=\"wp-block-cover__inner-container is-layout-flow wp-block-cover-is-layout-flow\">\n<div class=\"wp-block-uagb-advanced-heading uagb-block-ad3619ea\"><h1 class=\"uagb-heading-text\"><strong>Terapias<\/strong><\/h1><\/div>\n\n\n\n<p class=\"has-text-align-center has-white-color has-text-color has-medium-font-size\" style=\"letter-spacing:1px\"><\/p>\n<\/div><\/div>\n\n\n\n<div class=\"wp-block-cover alignfull is-light is-style-default\" style=\"min-height:700px;aspect-ratio:unset;\"><span aria-hidden=\"true\" class=\"wp-block-cover__background has-light-green-cyan-background-color has-background-dim-70 has-background-dim\"><\/span><video class=\"wp-block-cover__video-background intrinsic-ignore\" autoplay muted loop playsinline src=\"http:\/\/gravityescueladeespalda.es\/wp-content\/themes\/inspiro\/assets\/videos\/pacific.mp4\" data-object-fit=\"cover\"><\/video><div class=\"wp-block-cover__inner-container is-layout-flow wp-block-cover-is-layout-flow\">\n<div class=\"wp-block-uagb-advanced-heading uagb-block-df9879fa\"><h2 class=\"uagb-heading-text\"><span class=\"uppercase\">Terapias corporales <\/span><\/h2><\/div>\n\n\n\n<p class=\"has-white-color has-text-color has-medium-font-size\">El ritmo acelerado de vida pasa factura al cuerpo, generando altos niveles de estr\u00e9s en nuestro cerebro y organismo, e incidiendo negativamente en su estructura.<br>Este malestar ata\u00f1a a gran parte de la poblaci\u00f3n en alg\u00fan momento de su vida.<\/p>\n\n\n\n<p class=\"has-white-color has-text-color has-medium-font-size\">Cuando nuestros m\u00fasculos se tensan o fatigan, nos est\u00e1n avisando de que algo pasa.<br>El dolor es una se\u00f1al a la que debemos atender; nos avisa de que necesitamos escucharnos, parar un momento y ponernos en las manos de un especialista.<br>Es importante no esperar a ese momento en el que ya no podemos m\u00e1s (mientras aliviamos el dolor moment\u00e1neamente con alg\u00fan f\u00e1rmaco antiinflamatorio) si no que en vez de parchear el organismo con medicamentos constantemente, deber\u00edamos atender a esas se\u00f1ales, a \u00e9sa br\u00fajula que est\u00e1 dentro de nosotros y que nos est\u00e1 avisando.<\/p>\n\n\n\n<div style=\"height:71px\" aria-hidden=\"true\" class=\"wp-block-spacer\"><\/div>\n<\/div><\/div>\n\n\n\n<div style=\"height:100px\" aria-hidden=\"true\" class=\"wp-block-spacer\"><\/div>\n\n\n\n<div class=\"wp-block-group alignfull has-white-background-color has-background is-layout-flow wp-block-group-is-layout-flow\">\n<div class=\"wp-block-columns is-layout-flex wp-container-core-columns-is-layout-28f84493 wp-block-columns-is-layout-flex\">\n<div class=\"wp-block-column is-vertically-aligned-center has-background is-layout-flow wp-block-column-is-layout-flow\" style=\"background-color:#8fe9c5\">\n<div class=\"wp-block-uagb-advanced-heading uagb-block-f7f7cb81 scroll\"><h2 class=\"uagb-heading-text\">MASAJES<\/h2><\/div>\n\n\n\n<p class=\"has-background\" style=\"background-color:#8fe9c5\">El masaje es un remedio terap\u00e9utico utilizado para la mejora corporal. Es una t\u00e9cnica universal que<strong> elimina o aten\u00faa el dolor<\/strong>, y mejora la calidad de vida.<br>Su prop\u00f3sito es influir a nivel muscular e indirectamente sobre otras estructuras.<br>Sus efectos se pueden resumir en tres grupos: <br><strong>*Efectos mec\u00e1nicos:<\/strong> sobre la musculatura, la circulaci\u00f3n y los tejidos <br><strong>*Efectos reflejos:<\/strong> relaja, reduce el dolor y equilibra el sistema nervioso aut\u00f3nomo<br><strong>*Efectos psicol\u00f3gicos<\/strong>: calma, alivia y genera sensaci\u00f3n de bienestar<\/p>\n\n\n\n<p><\/p>\n<\/div>\n\n\n\n<div class=\"wp-block-column is-layout-flow wp-block-column-is-layout-flow\">\n<figure class=\"wp-block-image size-full is-resized ghostkit-custom-ZNfoEo is-style-editorskit-rounded\"><img fetchpriority=\"high\" decoding=\"async\" width=\"718\" height=\"541\" src=\"http:\/\/gravityescueladeespalda.es\/wp-content\/uploads\/2023\/06\/camilla_13.jpg\" alt=\"\" class=\"wp-image-1704\" style=\"height:484px\" srcset=\"http:\/\/gravityescueladeespalda.es\/wp-content\/uploads\/2023\/06\/camilla_13.jpg 718w, http:\/\/gravityescueladeespalda.es\/wp-content\/uploads\/2023\/06\/camilla_13-300x226.jpg 300w\" sizes=\"(max-width: 718px) 100vw, 718px\" \/><\/figure>\n<\/div>\n<\/div>\n\n\n\n<div class=\"wp-block-cover alignfull is-light has-parallax wp-duotone-rgb000-ccc-2\" style=\"min-height:263px;aspect-ratio:unset;\"><span aria-hidden=\"true\" class=\"wp-block-cover__background has-vivid-green-cyan-background-color has-background-dim\"><\/span><div role=\"img\" class=\"wp-block-cover__image-background wp-image-925 has-parallax\" style=\"background-position:50% 50%;background-image:url(http:\/\/gravityescueladeespalda.es\/wp-content\/uploads\/2023\/05\/IMG_20221004_155802-scaled.jpg)\"><\/div><div class=\"wp-block-cover__inner-container is-layout-flow wp-block-cover-is-layout-flow\">\n<h2 class=\"wp-block-heading has-white-color has-text-color\" id=\"el-tacto-es-una-de-las-herramientas-mas-poderosas-que-tenemos-para-conectarnos-con-los-demas-y-sanar-el-cuerpo-y-el-espiritu\"><em>&#8220;El tacto es una de las herramientas m\u00e1s poderosas que tenemos para conectarnos con los dem\u00e1s y sanar el cuerpo y el esp\u00edritu&#8221;<\/em><\/h2>\n\n\n\n<h2 class=\"wp-block-heading has-text-align-center has-white-color has-text-color\" id=\"tiffany-field\">Tiffany Field<\/h2>\n<\/div><\/div>\n\n\n\n<div style=\"height:38px\" aria-hidden=\"true\" class=\"wp-block-spacer\"><\/div>\n\n\n\n<div class=\"wp-block-group alignfull has-white-background-color has-background is-layout-flow wp-block-group-is-layout-flow\">\n<div class=\"wp-block-columns is-layout-flex wp-container-core-columns-is-layout-28f84493 wp-block-columns-is-layout-flex\">\n<div class=\"wp-block-column ghostkit-custom-DAMjN is-layout-flow wp-block-column-is-layout-flow\">\n<figure class=\"wp-block-image size-large is-resized is-style-editorskit-rounded ghostkit-custom-2iTAYN\"><img decoding=\"async\" width=\"2560\" height=\"1838\" src=\"http:\/\/gravityescueladeespalda.es\/wp-content\/uploads\/2023\/07\/liberacion-miofascial_apaisa-edited-scaled.jpg\" alt=\"\" class=\"wp-image-2048\" style=\"height:422px\" srcset=\"http:\/\/gravityescueladeespalda.es\/wp-content\/uploads\/2023\/07\/liberacion-miofascial_apaisa-edited-scaled.jpg 2560w, http:\/\/gravityescueladeespalda.es\/wp-content\/uploads\/2023\/07\/liberacion-miofascial_apaisa-edited-300x215.jpg 300w, http:\/\/gravityescueladeespalda.es\/wp-content\/uploads\/2023\/07\/liberacion-miofascial_apaisa-edited-1024x735.jpg 1024w, http:\/\/gravityescueladeespalda.es\/wp-content\/uploads\/2023\/07\/liberacion-miofascial_apaisa-edited-768x551.jpg 768w, http:\/\/gravityescueladeespalda.es\/wp-content\/uploads\/2023\/07\/liberacion-miofascial_apaisa-edited-1536x1103.jpg 1536w, http:\/\/gravityescueladeespalda.es\/wp-content\/uploads\/2023\/07\/liberacion-miofascial_apaisa-edited-2048x1470.jpg 2048w, http:\/\/gravityescueladeespalda.es\/wp-content\/uploads\/2023\/07\/liberacion-miofascial_apaisa-edited-2000x1436.jpg 2000w\" sizes=\"(max-width: 2560px) 100vw, 2560px\" \/><\/figure>\n<\/div>\n\n\n\n<div class=\"wp-block-column is-vertically-aligned-center ghostkit-custom-Z16wVEj has-background is-layout-flow wp-block-column-is-layout-flow\" style=\"background-color:#8fe9c5\">\n<div class=\"wp-block-uagb-advanced-heading uagb-block-1733b1d5 scroll\"><h2 class=\"uagb-heading-text\">LIBERACI\u00d3N MIOFASCIAL<\/h2><\/div>\n\n\n\n<p class=\"ghostkit-custom-1sU3YX has-background\" style=\"background-color:#8fe9c5\">T\u00e9cnica de terapia manual que se centra en los tejidos que envuelven, conectan y sostienen los m\u00fasculos. Implica la aplicaci\u00f3n de <strong>presi\u00f3n lenta y sostenida<\/strong> en las \u00e1reas donde el tejido fascial restringe la movilidad y causa el dolor.<br><br>Estas \u00e1reas restringen movimientos musculares y articulares, lo que contribuye al dolor muscular generalizado.<br><br>La liberaci\u00f3n a trav\u00e9s de la presi\u00f3n manual produce directamente una reducci\u00f3n significante del dolor.<\/p>\n\n\n\n<p><\/p>\n<\/div>\n<\/div>\n<\/div>\n\n\n\n<div style=\"height:38px\" aria-hidden=\"true\" class=\"wp-block-spacer\"><\/div>\n\n\n\n<div class=\"wp-block-cover alignfull is-light has-parallax wp-duotone-rgb888-ccc-3\" style=\"min-height:274px;aspect-ratio:unset;\"><span aria-hidden=\"true\" class=\"wp-block-cover__background has-vivid-green-cyan-background-color has-background-dim\"><\/span><div role=\"img\" class=\"wp-block-cover__image-background wp-image-118 has-parallax\" style=\"background-position:50% 50%;background-image:url(http:\/\/gravityescueladeespalda.es\/wp-content\/uploads\/2023\/04\/cris_pp04-scaled.jpg)\"><\/div><div class=\"wp-block-cover__inner-container is-layout-flow wp-block-cover-is-layout-flow\">\n<h2 class=\"wp-block-heading has-white-color has-text-color\" id=\"el-masaje-es-una-forma-de-arte-en-la-que-cada-movimiento-es-una-nota-y-cada-toque-es-una-melodia\"><em><strong>&#8220;El masaje es una forma de arte en la que cada movimiento es una nota y cada toque es una melod\u00eda&#8221;<\/strong><\/em><\/h2>\n\n\n\n<h2 class=\"wp-block-heading has-text-align-center has-white-color has-text-color\" id=\"john-upledger\">John Upledger<\/h2>\n<\/div><\/div>\n\n\n\n<div style=\"height:38px\" aria-hidden=\"true\" class=\"wp-block-spacer\"><\/div>\n\n\n\n<div class=\"wp-block-columns is-layout-flex wp-container-core-columns-is-layout-28f84493 wp-block-columns-is-layout-flex\">\n<div class=\"wp-block-column is-vertically-aligned-center has-background is-layout-flow wp-block-column-is-layout-flow\" style=\"background-color:#8fe9c5\">\n<div class=\"wp-block-uagb-advanced-heading uagb-block-e37c264f scroll ghostkit-custom-Z1ua0WO\"><h2 class=\"uagb-heading-text\">MASAJE DESCONTRACTURANTE<\/h2><\/div>\n\n\n\n<p class=\"has-text-align-left has-background\" style=\"background-color:#8fe9c5\">T\u00e9cnica de terapia manual que se encarga de aliviar las contracturas, mediante <strong>fricci\u00f3n y presi\u00f3n<\/strong> en las zonas mayormente afectadas, acompa\u00f1a de <strong>manipulaciones<\/strong> adecuadas.<br><br>Las contracturas son contracciones involuntarias, que normalmente se producen cuando se realiza un esfuerzo f\u00edsico excesivo o debido al mantenimiento prolongado de una mala postura.<br><br>La duraci\u00f3n de una contractura puede variar entre d\u00edas e incluso en algunos casos semanas, por supuesto, todo depende de la gravedad de la situaci\u00f3n.<br><br>Las contracturas son una condici\u00f3n muy t\u00edpica en las personas que realizan esfuerzos repetidos que, a pesar de ser leves, acaban generando tensi\u00f3n activando un c\u00edrculo vicioso:<br><\/p>\n\n\n\n<p class=\"has-text-align-center\"><strong><span class=\"ghostkit-text-uppercase\">dolor-contracci\u00f3n-mas dolor.<\/span><\/strong><\/p>\n\n\n\n<p class=\"has-background\" style=\"background-color:#8fe9c5\">El objetivo del masaje descontracturante es devolver a nuestros m\u00fasculos a su estado natural, aliviando la tensi\u00f3n y el malestar que sentimos<\/p>\n\n\n\n<p><\/p>\n\n\n\n<p><\/p>\n<\/div>\n\n\n\n<div class=\"wp-block-column is-layout-flow wp-block-column-is-layout-flow\">\n<div style=\"height:48px\" aria-hidden=\"true\" class=\"wp-block-spacer\"><\/div>\n\n\n\n<figure class=\"wp-block-image size-large is-resized is-style-editorskit-rounded ghostkit-custom-7DT36\"><img decoding=\"async\" width=\"1782\" height=\"2376\" src=\"http:\/\/gravityescueladeespalda.es\/wp-content\/uploads\/2023\/06\/movilizacion-hombro_2-edited.jpg\" alt=\"\" class=\"wp-image-1784\" style=\"height:807px\" srcset=\"http:\/\/gravityescueladeespalda.es\/wp-content\/uploads\/2023\/06\/movilizacion-hombro_2-edited.jpg 1782w, http:\/\/gravityescueladeespalda.es\/wp-content\/uploads\/2023\/06\/movilizacion-hombro_2-edited-225x300.jpg 225w, http:\/\/gravityescueladeespalda.es\/wp-content\/uploads\/2023\/06\/movilizacion-hombro_2-edited-768x1024.jpg 768w, http:\/\/gravityescueladeespalda.es\/wp-content\/uploads\/2023\/06\/movilizacion-hombro_2-edited-1152x1536.jpg 1152w, http:\/\/gravityescueladeespalda.es\/wp-content\/uploads\/2023\/06\/movilizacion-hombro_2-edited-1536x2048.jpg 1536w\" sizes=\"(max-width: 1782px) 100vw, 1782px\" \/><\/figure>\n<\/div>\n<\/div>\n\n\n\n<div style=\"height:38px\" aria-hidden=\"true\" class=\"wp-block-spacer\"><\/div>\n\n\n\n<div class=\"wp-block-cover alignfull has-parallax wp-duotone-rgb111-ccc-4\" style=\"min-height:267px;aspect-ratio:unset;\"><span aria-hidden=\"true\" class=\"wp-block-cover__background has-vivid-green-cyan-background-color has-background-dim\"><\/span><div role=\"img\" class=\"wp-block-cover__image-background wp-image-916 has-parallax\" style=\"background-position:50% 50%;background-image:url(http:\/\/gravityescueladeespalda.es\/wp-content\/uploads\/2023\/05\/foto-ventana-local-scaled.jpg)\"><\/div><div class=\"wp-block-cover__inner-container is-layout-flow wp-block-cover-is-layout-flow\">\n<h2 class=\"wp-block-heading\" id=\"el-masaje-es-una-forma-de-terapia-que-no-solo-alivia-los-musculos-sino-que-tambien-calma-la-mente-y-nutre-el-alma\"><em><strong>&#8220;El masaje es una forma de terapia que no solo alivia los m\u00fasculos, sino que tambi\u00e9n calma la mente y nutre el alma&#8221;<\/strong><\/em><\/h2>\n\n\n\n<h2 class=\"wp-block-heading has-text-align-center\" id=\"maria-mercati\">Maria Mercati<\/h2>\n<\/div><\/div>\n\n\n\n<div style=\"height:38px\" aria-hidden=\"true\" class=\"wp-block-spacer\"><\/div>\n\n\n\n<div class=\"wp-block-group alignfull is-layout-flow wp-block-group-is-layout-flow\">\n<div class=\"wp-block-columns is-layout-flex wp-container-core-columns-is-layout-28f84493 wp-block-columns-is-layout-flex\">\n<div class=\"wp-block-column is-layout-flow wp-block-column-is-layout-flow\">\n<div style=\"height:48px\" aria-hidden=\"true\" class=\"wp-block-spacer\"><\/div>\n\n\n\n<figure class=\"wp-block-image size-large is-resized is-style-editorskit-rounded ghostkit-custom-1ssGdM\"><img loading=\"lazy\" decoding=\"async\" width=\"768\" height=\"1024\" src=\"http:\/\/gravityescueladeespalda.es\/wp-content\/uploads\/2023\/06\/Radio-Frecuencia-Sinusitis-768x1024.jpg\" alt=\"\" class=\"wp-image-1469\" style=\"height:575px\" srcset=\"http:\/\/gravityescueladeespalda.es\/wp-content\/uploads\/2023\/06\/Radio-Frecuencia-Sinusitis-768x1024.jpg 768w, http:\/\/gravityescueladeespalda.es\/wp-content\/uploads\/2023\/06\/Radio-Frecuencia-Sinusitis-225x300.jpg 225w, http:\/\/gravityescueladeespalda.es\/wp-content\/uploads\/2023\/06\/Radio-Frecuencia-Sinusitis-1152x1536.jpg 1152w, http:\/\/gravityescueladeespalda.es\/wp-content\/uploads\/2023\/06\/Radio-Frecuencia-Sinusitis-1536x2048.jpg 1536w, http:\/\/gravityescueladeespalda.es\/wp-content\/uploads\/2023\/06\/Radio-Frecuencia-Sinusitis-2000x2667.jpg 2000w, http:\/\/gravityescueladeespalda.es\/wp-content\/uploads\/2023\/06\/Radio-Frecuencia-Sinusitis-scaled.jpg 1920w\" sizes=\"(max-width: 768px) 100vw, 768px\" \/><\/figure>\n<\/div>\n\n\n\n<div class=\"wp-block-column is-vertically-aligned-center has-background is-layout-flow wp-block-column-is-layout-flow\" style=\"background-color:#8fe9c5\">\n<div class=\"wp-block-uagb-advanced-heading uagb-block-db08923b scroll\"><h2 class=\"uagb-heading-text\">DIATERMIA\/ RADIOFRECUENCIA<\/h2><\/div>\n\n\n\n<p class=\"has-background\" style=\"background-color:#8fe9c5\">T\u00e9cnica de electroterapia para calmar el dolor, reducir la inflamaci\u00f3n y mejorar la movilidad.<br><br>Acelera la recuperaci\u00f3n de los tejidos.<br><br>Aumenta la circulaci\u00f3n sangu\u00ednea, revitalizando y oxigenando tanto musculatura como piel.<br><br><strong>Es el m\u00e1s potente analg\u00e9sico NO INVASIVO<\/strong><br><br>*Sobre la estructura m\u00fasculo-esquel\u00e9tica:<br><br>*Sobre la piel: Aporta col\u00e1geno y elastina al aumentar la vascularizaci\u00f3n sangu\u00ednea y eso es igual al aumento de la capacidad de regeneraci\u00f3n del tejido.<\/p>\n\n\n\n<p><\/p>\n<\/div>\n<\/div>\n<\/div>\n<\/div>\n\n\n\n<div style=\"height:100px\" aria-hidden=\"true\" class=\"wp-block-spacer\"><\/div>\n\n\n\n<div class=\"wp-block-group has-global-padding is-layout-constrained wp-block-group-is-layout-constrained\"><\/div>\n\n\n\n<div style=\"height:65px\" aria-hidden=\"true\" class=\"wp-block-spacer\"><\/div>\n","protected":false},"excerpt":{"rendered":"<p>MASAJES El masaje es un remedio terap\u00e9utico utilizado para la mejora corporal. Es una t\u00e9cnica universal que elimina o aten\u00faa el dolor, y mejora la calidad de vida.Su prop\u00f3sito es influir a nivel muscular e indirectamente sobre otras estructuras.Sus efectos se pueden resumir en tres grupos: *Efectos mec\u00e1nicos: sobre la musculatura, la circulaci\u00f3n y los &hellip; <\/p>\n<p class=\"link-more\"><a href=\"http:\/\/gravityescueladeespalda.es\/index.php\/terapias\/\" class=\"more-link\">Leer m\u00e1s<span class=\"screen-reader-text\"> \u00abTerapias\u00bb<\/span><\/a><\/p>\n","protected":false},"author":1,"featured_media":0,"parent":0,"menu_order":0,"comment_status":"closed","ping_status":"closed","template":"page-templates\/full-width-transparent.php","meta":{"_editorskit_title_hidden":false,"_editorskit_reading_time":0,"_editorskit_is_block_options_detached":false,"_editorskit_block_options_position":"{}","_uag_custom_page_level_css":"","ghostkit_customizer_options":"","ghostkit_custom_css":"","ghostkit_custom_js_head":"","ghostkit_custom_js_foot":"","ghostkit_typography":"","inspiro_hide_title":false,"footnotes":""},"class_list":["post-171","page","type-page","status-publish","hentry"],"uagb_featured_image_src":{"full":false,"thumbnail":false,"medium":false,"medium_large":false,"large":false,"1536x1536":false,"2048x2048":false,"inspiro-featured-image":false,"inspiro-loop":false,"inspiro-loop@2x":false},"uagb_author_info":{"display_name":"Kity","author_link":"http:\/\/gravityescueladeespalda.es\/index.php\/author\/admin\/"},"uagb_comment_info":0,"uagb_excerpt":"MASAJES El masaje es un remedio terap\u00e9utico utilizado para la mejora corporal. Es una t\u00e9cnica universal que elimina o aten\u00faa el dolor, y mejora la calidad de vida.Su prop\u00f3sito es influir a nivel muscular e indirectamente sobre otras estructuras.Sus efectos se pueden resumir en tres grupos: *Efectos mec\u00e1nicos: sobre la musculatura, la circulaci\u00f3n y los&hellip;","rttpg_featured_image_url":null,"rttpg_author":{"display_name":"Kity","author_link":"http:\/\/gravityescueladeespalda.es\/index.php\/author\/admin\/"},"rttpg_comment":0,"rttpg_category":null,"rttpg_excerpt":"MASAJES El masaje es un remedio terap\u00e9utico utilizado para la mejora corporal. Es una t\u00e9cnica universal que elimina o aten\u00faa el dolor, y mejora la calidad de vida.Su prop\u00f3sito es influir a nivel muscular e indirectamente sobre otras estructuras.Sus efectos se pueden resumir en tres grupos: *Efectos mec\u00e1nicos: sobre la musculatura, la circulaci\u00f3n y los&hellip;","_links":{"self":[{"href":"http:\/\/gravityescueladeespalda.es\/index.php\/wp-json\/wp\/v2\/pages\/171","targetHints":{"allow":["GET"]}}],"collection":[{"href":"http:\/\/gravityescueladeespalda.es\/index.php\/wp-json\/wp\/v2\/pages"}],"about":[{"href":"http:\/\/gravityescueladeespalda.es\/index.php\/wp-json\/wp\/v2\/types\/page"}],"author":[{"embeddable":true,"href":"http:\/\/gravityescueladeespalda.es\/index.php\/wp-json\/wp\/v2\/users\/1"}],"replies":[{"embeddable":true,"href":"http:\/\/gravityescueladeespalda.es\/index.php\/wp-json\/wp\/v2\/comments?post=171"}],"version-history":[{"count":300,"href":"http:\/\/gravityescueladeespalda.es\/index.php\/wp-json\/wp\/v2\/pages\/171\/revisions"}],"predecessor-version":[{"id":2710,"href":"http:\/\/gravityescueladeespalda.es\/index.php\/wp-json\/wp\/v2\/pages\/171\/revisions\/2710"}],"wp:attachment":[{"href":"http:\/\/gravityescueladeespalda.es\/index.php\/wp-json\/wp\/v2\/media?parent=171"}],"curies":[{"name":"wp","href":"https:\/\/api.w.org\/{rel}","templated":true}]}}